{"version":"1.0","provider_name":"Wiener Schule f\u00fcr Bewusstsein","provider_url":"https:\/\/www.schule-bewusstsein.com\/Wordpress","author_name":"wordpressadmin","author_url":"https:\/\/www.schule-bewusstsein.com\/Wordpress\/author\/wordpressadmin\/","title":"Masken! Masken! Maskenjahr 2022 - Beginn M\u00e4rz 2022 - Wiener Schule f\u00fcr Bewusstsein","type":"rich","width":600,"height":338,"html":"<blockquote class=\"wp-embedded-content\" data-secret=\"CpvttPyGGB\"><a href=\"https:\/\/www.schule-bewusstsein.com\/Wordpress\/masken-masken-maskenjahr-2022\/\">Masken! Masken!  Maskenjahr 2022 &#8211; Beginn M\u00e4rz 2022<\/a><\/blockquote><iframe sandbox=\"allow-scripts\" security=\"restricted\" src=\"https:\/\/www.schule-bewusstsein.com\/Wordpress\/masken-masken-maskenjahr-2022\/embed\/#?secret=CpvttPyGGB\" width=\"600\" height=\"338\" title=\"&#8222;Masken! Masken!  Maskenjahr 2022 &#8211; Beginn M\u00e4rz 2022&#8220; &#8211; Wiener Schule f\u00fcr Bewusstsein\" data-secret=\"CpvttPyGGB\" frameborder=\"0\" marginwidth=\"0\" marginheight=\"0\" scrolling=\"no\" class=\"wp-embedded-content\"><\/iframe><script>\n\/*! This file is auto-generated *\/\n!function(d,l){\"use strict\";l.querySelector&&d.addEventListener&&\"undefined\"!=typeof URL&&(d.wp=d.wp||{},d.wp.receiveEmbedMessage||(d.wp.receiveEmbedMessage=function(e){var t=e.data;if((t||t.secret||t.message||t.value)&&!\/[^a-zA-Z0-9]\/.test(t.secret)){for(var s,r,n,a=l.querySelectorAll('iframe[data-secret=\"'+t.secret+'\"]'),o=l.querySelectorAll('blockquote[data-secret=\"'+t.secret+'\"]'),c=new RegExp(\"^https?:$\",\"i\"),i=0;i<o.length;i++)o[i].style.display=\"none\";for(i=0;i<a.length;i++)s=a[i],e.source===s.contentWindow&&(s.removeAttribute(\"style\"),\"height\"===t.message?(1e3<(r=parseInt(t.value,10))?r=1e3:~~r<200&&(r=200),s.height=r):\"link\"===t.message&&(r=new URL(s.getAttribute(\"src\")),n=new URL(t.value),c.test(n.protocol))&&n.host===r.host&&l.activeElement===s&&(d.top.location.href=t.value))}},d.addEventListener(\"message\",d.wp.receiveEmbedMessage,!1),l.addEventListener(\"DOMContentLoaded\",function(){for(var e,t,s=l.querySelectorAll(\"iframe.wp-embedded-content\"),r=0;r<s.length;r++)(t=(e=s[r]).getAttribute(\"data-secret\"))||(t=Math.random().toString(36).substring(2,12),e.src+=\"#?secret=\"+t,e.setAttribute(\"data-secret\",t)),e.contentWindow.postMessage({message:\"ready\",secret:t},\"*\")},!1)))}(window,document);\n\/\/# sourceURL=https://mlrihigbn6vo.i.optimole.com/f:js/q:mauto/m:0/https://www.schule-bewusstsein.com/Wordpress/wp-includes/js/wp-embed.min.js\n<\/script>\n","thumbnail_url":"https:\/\/mlrihigbn6vo.i.optimole.com\/w:auto\/h:auto\/q:mauto\/f:best\/ig:avif\/https:\/\/www.schule-bewusstsein.com\/Wordpress\/wp-content\/uploads\/2021\/05\/Maskentanz_Bild_01.png","thumbnail_width":1743,"thumbnail_height":1189,"description":"Allgemeines Die Jahresgruppe \u201eMasken!Masken!\u201c ist ein wichtiger Bestandteil der integralen Bewusstseinswege der Schule f\u00fcr Bewusstsein. Es steht f\u00fcr eine anspruchsvolle und komplexe ebenso wie f\u00fcr spielerische, bereichernde und bezaubernde Besch\u00e4ftigung und Arbeit mit Masken auf vielf\u00e4ltige Art und Weise. Die verschiedenen Zug\u00e4nge und Arbeitsmethoden sind in den drei Texten \u201eWesen und Magie\u201c, \u201eArten und Kontexte [&hellip;]"}